{"id":232,"date":"2025-05-30T08:41:25","date_gmt":"2025-05-30T08:41:25","guid":{"rendered":"https:\/\/dev.coexa.es\/?page_id=232"},"modified":"2025-06-10T06:40:17","modified_gmt":"2025-06-10T06:40:17","slug":"quienes-somos","status":"publish","type":"page","link":"https:\/\/coexa.es\/ca\/quienes-somos\/","title":{"rendered":"QUIENES SOMOS"},"content":{"rendered":"<p>[et_pb_section fb_built=\u00bb1&#8243; _builder_version=\u00bb4.27.4&#8243; _module_preset=\u00bbdefault\u00bb background_image=\u00bbhttps:\/\/dev.coexa.es\/wp-content\/uploads\/2025\/05\/FONDO-BANNER-SECCIONS-COEXA.webp\u00bb background_size=\u00bbcontain\u00bb custom_padding=\u00bb||0px|||\u00bb global_colors_info=\u00bb{}\u00bb][et_pb_row _builder_version=\u00bb4.27.4&#8243; _module_preset=\u00bbdefault\u00bb global_colors_info=\u00bb{}\u00bb][et_pb_column type=\u00bb4_4&#8243; _builder_version=\u00bb4.27.4&#8243; _module_preset=\u00bbdefault\u00bb global_colors_info=\u00bb{}\u00bb][et_pb_heading title=\u00bbQUI\u00c9NES SOMOS\u00bb _builder_version=\u00bb4.27.4&#8243; _module_preset=\u00bbdefault\u00bb title_font=\u00bb&#8211;et_global_heading_font|800|||||||\u00bb title_text_align=\u00bbcenter\u00bb title_text_color=\u00bbgcid-secondary-color\u00bb background_enable_color=\u00bboff\u00bb background_enable_image=\u00bboff\u00bb module_alignment=\u00bbcenter\u00bb custom_padding=\u00bb14px||||false|false\u00bb hover_enabled=\u00bb0&#8243; global_colors_info=\u00bb{%22gcid-primary-color%22:%91%22background_color%22%93,%22gcid-secondary-color%22:%91%22title_text_color%22%93}\u00bb sticky_enabled=\u00bb0&#8243;][\/et_pb_heading][\/et_pb_column][\/et_pb_row][\/et_pb_section][et_pb_section fb_built=\u00bb1&#8243; _builder_version=\u00bb4.27.4&#8243; _module_preset=\u00bbdefault\u00bb custom_padding=\u00bb0px||0px|||\u00bb global_colors_info=\u00bb{}\u00bb][et_pb_row column_structure=\u00bb1_2,1_2&#8243; _builder_version=\u00bb4.27.4&#8243; _module_preset=\u00bbdefault\u00bb custom_padding=\u00bb||10px|||\u00bb global_colors_info=\u00bb{}\u00bb][et_pb_column type=\u00bb1_2&#8243; _builder_version=\u00bb4.27.4&#8243; _module_preset=\u00bbdefault\u00bb global_colors_info=\u00bb{}\u00bb][et_pb_text _builder_version=\u00bb4.27.4&#8243; _module_preset=\u00bbdefault\u00bb text_font_size=\u00bb18px\u00bb text_line_height=\u00bb1.9em\u00bb transform_scale_tablet=\u00bb100%|100%\u00bb transform_scale_phone=\u00bb100%|100%\u00bb transform_scale_last_edited=\u00bbon|tablet\u00bb transform_translate_tablet=\u00bb0px|0px\u00bb transform_translate_phone=\u00bb0px|0px\u00bb transform_translate_last_edited=\u00bbon|desktop\u00bb transform_rotate_tablet=\u00bb\u00bb transform_rotate_phone=\u00bb\u00bb transform_rotate_last_edited=\u00bbon|desktop\u00bb transform_skew_tablet=\u00bb\u00bb transform_skew_phone=\u00bb\u00bb transform_skew_last_edited=\u00bbon|desktop\u00bb transform_origin_tablet=\u00bb\u00bb transform_origin_phone=\u00bb\u00bb transform_origin_last_edited=\u00bbon|desktop\u00bb transform_styles_last_edited=\u00bbon|desktop\u00bb text_orientation=\u00bbjustified\u00bb custom_margin=\u00bb37px|-34px|||false|false\u00bb custom_margin_tablet=\u00bb|0px|||false|false\u00bb custom_margin_phone=\u00bb37px|0px|||false|false\u00bb custom_margin_last_edited=\u00bbon|desktop\u00bb transform_styles_tablet=\u00bb\u00bb transform_styles_phone=\u00bb\u00bb global_colors_info=\u00bb{}\u00bb]<\/p>\n<p style=\"text-align: justify;\"><span class=\"OYPEnA font-feature-liga-off font-feature-clig-off font-feature-calt-off text-decoration-none text-strikethrough-none\">COEXA S.A. s\u00f3n les inicials de CONSTRUCCIONES, <\/span><span class=\"OYPEnA font-feature-liga-off font-feature-clig-off font-feature-calt-off text-decoration-none text-strikethrough-none\">EXCAVACIONES <\/span><span class=\"OYPEnA font-feature-liga-off font-feature-clig-off font-feature-calt-off text-decoration-none text-strikethrough-none\">Y ASFALTOS S.A., una empresa familiar mallorquina amb una traject\u00f2ria de m\u00e9s de 50 anys al sector de la construcci\u00f3 i els serveis. Avui dia, l'empresa s'ha convertit en un referent i en una de les companyies capdavanteres al sector de la construcci\u00f3 del mercat mallorqu\u00ed, comptant actualment amb una plantilla de m\u00e9s de 100 treballadors.<\/span><span class=\"OYPEnA font-feature-liga-off font-feature-clig-off font-feature-calt-off text-decoration-none text-strikethrough-none white-space-prewrap\"><\/span><\/p>\n<p>[\/et_pb_text][\/et_pb_column][et_pb_column type=\u00bb1_2&#8243; _builder_version=\u00bb4.27.4&#8243; _module_preset=\u00bbdefault\u00bb global_colors_info=\u00bb{}\u00bb][dsm_perspective_image _builder_version=\u00bb4.27.4&#8243; _module_preset=\u00bbdefault\u00bb global_colors_info=\u00bb{}\u00bb][\/dsm_perspective_image][et_pb_image src=\u00bbhttps:\/\/coexa.es\/wp-content\/uploads\/2025\/06\/DSC_7617-scaled.webp\u00bb title_text=\u00bbFlota camiones COEXA\u00bb align=\u00bbright\u00bb _builder_version=\u00bb4.27.4&#8243; _module_preset=\u00bbdefault\u00bb width=\u00bb96%\u00bb module_alignment=\u00bbright\u00bb height=\u00bb357px\u00bb height_tablet=\u00bb357px\u00bb height_phone=\u00bb357px\u00bb height_last_edited=\u00bbon|desktop\u00bb custom_margin=\u00bb-38px|||47px||\u00bb custom_padding=\u00bb|||0px||\u00bb custom_padding_tablet=\u00bb|||0px||\u00bb custom_padding_phone=\u00bb|||0px||\u00bb custom_padding_last_edited=\u00bbon|desktop\u00bb hover_enabled=\u00bb0&#8243; global_colors_info=\u00bb{}\u00bb sticky_enabled=\u00bb0&#8243;][\/et_pb_image][\/et_pb_column][\/et_pb_row][\/et_pb_section][et_pb_section fb_built=\u00bb1&#8243; _builder_version=\u00bb4.27.4&#8243; _module_preset=\u00bbdefault\u00bb custom_padding=\u00bb0px||3px|||\u00bb global_colors_info=\u00bb{}\u00bb][et_pb_row _builder_version=\u00bb4.27.4&#8243; _module_preset=\u00bbdefault\u00bb global_colors_info=\u00bb{}\u00bb][et_pb_column type=\u00bb4_4&#8243; _builder_version=\u00bb4.27.4&#8243; _module_preset=\u00bbdefault\u00bb global_colors_info=\u00bb{}\u00bb][et_pb_divider _builder_version=\u00bb4.27.4&#8243; _module_preset=\u00bbdefault\u00bb global_colors_info=\u00bb{}\u00bb custom_margin=\u00bb||0px|||\u00bb][\/et_pb_divider][dsm_lottie _builder_version=\u00bb4.27.4&#8243; _module_preset=\u00bbdefault\u00bb title_text=\u00bbBanner 50 animat 1 (700 x 230 px) (1920 x 630 px) (1920 x 315 px)\u00bb lottie_url=\u00bbhttps:\/\/coexa.es\/wp-content\/uploads\/2025\/06\/Banner-50-animat-1-700-x-230-px-1920-x-630-px-1920-x-315-px-1.json\u00bb hover_enabled=\u00bb0&#8243; sticky_enabled=\u00bb0&#8243;][\/dsm_lottie][et_pb_divider _builder_version=\u00bb4.27.4&#8243; _module_preset=\u00bbdefault\u00bb global_colors_info=\u00bb{}\u00bb][\/et_pb_divider][\/et_pb_column][\/et_pb_row][\/et_pb_section][et_pb_section fb_built=\u00bb1&#8243; specialty=\u00bbon\u00bb _builder_version=\u00bb4.27.4&#8243; _module_preset=\u00bbdefault\u00bb custom_padding=\u00bb0px||0px|||\u00bb global_colors_info=\u00bb{}\u00bb][et_pb_column type=\u00bb1_2&#8243; _builder_version=\u00bb4.16&#8243; custom_padding=\u00bb|||\u00bb global_colors_info=\u00bb{}\u00bb custom_padding__hover=\u00bb|||\u00bb][et_pb_image src=\u00bbhttps:\/\/coexa.es\/wp-content\/uploads\/2025\/05\/Cala-Mesquida-5.webp\u00bb title_text=\u00bbCala Mesquida 5&#8243; align=\u00bbcenter\u00bb _builder_version=\u00bb4.27.4&#8243; _module_preset=\u00bbdefault\u00bb width=\u00bb100%\u00bb max_width=\u00bb100%\u00bb module_alignment=\u00bbcenter\u00bb height=\u00bb290px\u00bb hover_enabled=\u00bb0&#8243; global_colors_info=\u00bb{}\u00bb sticky_enabled=\u00bb0&#8243;][\/et_pb_image][\/et_pb_column][et_pb_column type=\u00bb1_2&#8243; specialty_columns=\u00bb2&#8243; _builder_version=\u00bb4.16&#8243; custom_padding=\u00bb|||\u00bb global_colors_info=\u00bb{}\u00bb custom_padding__hover=\u00bb|||\u00bb][et_pb_row_inner _builder_version=\u00bb4.27.4&#8243; _module_preset=\u00bbdefault\u00bb global_colors_info=\u00bb{}\u00bb][et_pb_column_inner saved_specialty_column_type=\u00bb1_2&#8243; _builder_version=\u00bb4.27.4&#8243; _module_preset=\u00bbdefault\u00bb global_colors_info=\u00bb{}\u00bb][et_pb_heading title=\u00bbNUESTRA HISTORIA\u00bb _builder_version=\u00bb4.27.4&#8243; _module_preset=\u00bbdefault\u00bb title_font=\u00bb|700|||||||\u00bb title_text_align=\u00bbcenter\u00bb title_text_color=\u00bbgcid-secondary-color\u00bb title_font_size=\u00bb35px\u00bb custom_margin=\u00bb||-18px|||\u00bb global_colors_info=\u00bb{%22gcid-secondary-color%22:%91%22title_text_color%22%93}\u00bb][\/et_pb_heading][\/et_pb_column_inner][\/et_pb_row_inner][et_pb_row_inner _builder_version=\u00bb4.27.4&#8243; _module_preset=\u00bbdefault\u00bb custom_padding=\u00bb0px|||||\u00bb global_colors_info=\u00bb{}\u00bb][et_pb_column_inner saved_specialty_column_type=\u00bb1_2&#8243; _builder_version=\u00bb4.27.4&#8243; _module_preset=\u00bbdefault\u00bb global_colors_info=\u00bb{}\u00bb][et_pb_text _builder_version=\u00bb4.27.4&#8243; _module_preset=\u00bbdefault\u00bb text_font_size=\u00bb18px\u00bb text_line_height=\u00bb1.9em\u00bb text_orientation=\u00bbjustified\u00bb global_colors_info=\u00bb{}\u00bb]<\/p>\n<p><span class=\"OYPEnA font-feature-liga-off font-feature-clig-off font-feature-calt-off text-decoration-none text-strikethrough-none\">COEXA S.A. va n\u00e9ixer l'any 1975 al municipi de Capdepera al llevant mallorqu\u00ed, creada pel Sr. Gabriel Soler Cladera, que al llarg dels anys ha format una empresa s\u00f2lida enfocada a donar un servei de qualitat a tots els seus clients, aconseguint a trav\u00e9s de l'esfor\u00e7, del comprom\u00eds i de la voluntat de millora continuada.<\/span><\/p>\n<p>[\/et_pb_text][\/et_pb_column_inner][\/et_pb_row_inner][\/et_pb_column][\/et_pb_section][et_pb_section fb_built=\u00bb1&#8243; _builder_version=\u00bb4.27.4&#8243; _module_preset=\u00bbdefault\u00bb custom_padding=\u00bb0px||0px|||\u00bb global_colors_info=\u00bb{}\u00bb][et_pb_row _builder_version=\u00bb4.27.4&#8243; _module_preset=\u00bbdefault\u00bb custom_padding=\u00bb0px|||||\u00bb global_colors_info=\u00bb{}\u00bb][et_pb_column type=\u00bb4_4&#8243; _builder_version=\u00bb4.27.4&#8243; _module_preset=\u00bbdefault\u00bb global_colors_info=\u00bb{}\u00bb][et_pb_text _builder_version=\u00bb4.27.4&#8243; _module_preset=\u00bbdefault\u00bb text_font_size=\u00bb18px\u00bb text_line_height=\u00bb1.9em\u00bb global_colors_info=\u00bb{}\u00bb]<\/p>\n<p style=\"text-align: justify;\"><span class=\"OYPEnA font-feature-liga-off font-feature-clig-off font-feature-calt-off text-decoration-none text-strikethrough-none\">Avui dia l'anagrama de la companyia, dirigida ja pels fills del Sr. Soler apareix en gran part dels projectes promoguts per les administracions p\u00fabliques a les Illes Balears, comptant amb uns principis i valors que fan que a trav\u00e9s dels anys s'hagi consolidat la reputaci\u00f3 de l'empresa dins del seu sector.<\/span><\/p>\n<p>[\/et_pb_text][\/et_pb_column][\/et_pb_row][\/et_pb_section][et_pb_section fb_built=\u00bb1&#8243; _builder_version=\u00bb4.27.4&#8243; _module_preset=\u00bbdefault\u00bb custom_padding=\u00bb0px||0px|||\u00bb global_colors_info=\u00bb{}\u00bb][et_pb_row _builder_version=\u00bb4.27.4&#8243; _module_preset=\u00bbdefault\u00bb global_colors_info=\u00bb{}\u00bb][et_pb_column type=\u00bb4_4&#8243; _builder_version=\u00bb4.27.4&#8243; _module_preset=\u00bbdefault\u00bb global_colors_info=\u00bb{}\u00bb][et_pb_divider _builder_version=\u00bb4.27.4&#8243; _module_preset=\u00bbdefault\u00bb global_colors_info=\u00bb{}\u00bb][\/et_pb_divider][et_pb_cta title=\u00bb\u00bfTIENES UN PROYECTO EN MENTE?\u00bb button_url=\u00bb\/solicitud-presupuesto\/\u00bb button_text=\u00bbSOLICITA TU PRESUPUESTO\u00bb _builder_version=\u00bb4.27.4&#8243; _module_preset=\u00bbdefault\u00bb header_font=\u00bb|700|||||||\u00bb header_text_color=\u00bbgcid-secondary-color\u00bb background_color=\u00bbRGBA(255,255,255,0)\u00bb custom_button=\u00bbon\u00bb button_text_color=\u00bbgcid-secondary-color\u00bb button_bg_color=\u00bbgcid-primary-color\u00bb button_border_width=\u00bb0px\u00bb button_border_color=\u00bbRGBA(255,255,255,0)\u00bb button_alignment=\u00bbcenter\u00bb button_alignment_tablet=\u00bbcenter\u00bb button_alignment_phone=\u00bbcenter\u00bb button_alignment_last_edited=\u00bbon|desktop\u00bb global_colors_info=\u00bb{%22gcid-secondary-color%22:%91%22header_text_color%22,%22button_text_color%22%93,%22gcid-primary-color%22:%91%22button_bg_color%22%93}\u00bb][\/et_pb_cta][et_pb_divider _builder_version=\u00bb4.27.4&#8243; _module_preset=\u00bbdefault\u00bb global_colors_info=\u00bb{}\u00bb][\/et_pb_divider][\/et_pb_column][\/et_pb_row][\/et_pb_section][et_pb_section fb_built=\u00bb1&#8243; _builder_version=\u00bb4.27.4&#8243; _module_preset=\u00bbdefault\u00bb custom_padding=\u00bb0px|||||\u00bb global_colors_info=\u00bb{}\u00bb][et_pb_row column_structure=\u00bb1_2,1_2&#8243; _builder_version=\u00bb4.27.4&#8243; _module_preset=\u00bbdefault\u00bb global_colors_info=\u00bb{}\u00bb][et_pb_column type=\u00bb1_2&#8243; _builder_version=\u00bb4.27.4&#8243; _module_preset=\u00bbdefault\u00bb global_colors_info=\u00bb{}\u00bb][et_pb_heading title=\u00bbPONG\u00c1MONOS EN CONTACTO\u00bb _builder_version=\u00bb4.27.4&#8243; _module_preset=\u00bbdefault\u00bb title_font=\u00bb|700|||||||\u00bb title_text_align=\u00bbcenter\u00bb title_text_color=\u00bbgcid-secondary-color\u00bb title_font_size=\u00bb29px\u00bb custom_margin=\u00bb||-1px|||\u00bb global_colors_info=\u00bb{%22gcid-secondary-color%22:%91%22title_text_color%22%93}\u00bb][\/et_pb_heading][dsm_icon_list icon_color=\u00bbgcid-secondary-color\u00bb _builder_version=\u00bb4.27.4&#8243; _module_preset=\u00bbdefault\u00bb global_colors_info=\u00bb{%22gcid-secondary-color%22:%91%22icon_color%22%93}\u00bb][dsm_icon_list_child text=\u00bb971 81 80 00&#8243; font_icon=\u00bb&#xe090;||divi||400&#8243; icon_color=\u00bbgcid-secondary-color\u00bb icon_padding=\u00bb22px\u00bb icon_font_size=\u00bb25px\u00bb _builder_version=\u00bb4.27.4&#8243; _module_preset=\u00bbdefault\u00bb text_font_size=\u00bb25px\u00bb global_colors_info=\u00bb{%22gcid-secondary-color%22:%91%22icon_color%22%93}\u00bb][\/dsm_icon_list_child][dsm_icon_list_child text=\u00bbinfo@coexa.es\u00bb font_icon=\u00bb&#xe076;||divi||400&#8243; icon_color=\u00bbgcid-secondary-color\u00bb icon_padding=\u00bb22px\u00bb icon_font_size=\u00bb25px\u00bb _builder_version=\u00bb4.27.4&#8243; _module_preset=\u00bbdefault\u00bb text_font_size=\u00bb25px\u00bb global_colors_info=\u00bb{%22gcid-secondary-color%22:%91%22icon_color%22%93}\u00bb][\/dsm_icon_list_child][dsm_icon_list_child text=\u00bbCamp Roig (Pol. Ind. Capdepera), 1  07580 Capdepera (Mallorca)\u00bb font_icon=\u00bb&#xf3c5;||fa||900&#8243; icon_color=\u00bbgcid-secondary-color\u00bb icon_padding=\u00bb22px\u00bb icon_font_size=\u00bb25px\u00bb _builder_version=\u00bb4.27.4&#8243; _module_preset=\u00bbdefault\u00bb text_font_size=\u00bb20px\u00bb global_colors_info=\u00bb{%22gcid-secondary-color%22:%91%22icon_color%22%93}\u00bb][\/dsm_icon_list_child][\/dsm_icon_list][\/et_pb_column][et_pb_column type=\u00bb1_2&#8243; _builder_version=\u00bb4.27.4&#8243; _module_preset=\u00bbdefault\u00bb global_colors_info=\u00bb{}\u00bb][dsm_embed_google_map address=\u00bbCamp Roig (Pol. Ind. Capdepera), 1  07580 Capdepera (Mallorca)\u00bb zoom=\u00bb17&#8243; _builder_version=\u00bb4.27.4&#8243; _module_preset=\u00bbdefault\u00bb global_colors_info=\u00bb{}\u00bb][\/dsm_embed_google_map][\/et_pb_column][\/et_pb_row][\/et_pb_section]<\/p>","protected":false},"excerpt":{"rendered":"<p>COEXA S.A. son las siglas de CONSTRUCCIONES, EXCAVACIONES Y ASFALTOS S.A., una empresa familiar mallorquina con una trayectoria de m\u00e1s de 50 a\u00f1os en el sector de la construcci\u00f3n y los servicios. Hoy en d\u00eda, la empresa se ha convertido en un referente y en una de las compa\u00f1\u00edas punteras en el sector de la [&hellip;]<\/p>","protected":false},"author":1,"featured_media":0,"parent":0,"menu_order":0,"comment_status":"closed","ping_status":"closed","template":"","meta":{"_et_pb_use_builder":"on","_et_pb_old_content":"","_et_gb_content_width":"","footnotes":""},"class_list":["post-232","page","type-page","status-publish","hentry"],"_links":{"self":[{"href":"https:\/\/coexa.es\/ca\/wp-json\/wp\/v2\/pages\/232","targetHints":{"allow":["GET"]}}],"collection":[{"href":"https:\/\/coexa.es\/ca\/wp-json\/wp\/v2\/pages"}],"about":[{"href":"https:\/\/coexa.es\/ca\/wp-json\/wp\/v2\/types\/page"}],"author":[{"embeddable":true,"href":"https:\/\/coexa.es\/ca\/wp-json\/wp\/v2\/users\/1"}],"replies":[{"embeddable":true,"href":"https:\/\/coexa.es\/ca\/wp-json\/wp\/v2\/comments?post=232"}],"version-history":[{"count":17,"href":"https:\/\/coexa.es\/ca\/wp-json\/wp\/v2\/pages\/232\/revisions"}],"predecessor-version":[{"id":476,"href":"https:\/\/coexa.es\/ca\/wp-json\/wp\/v2\/pages\/232\/revisions\/476"}],"wp:attachment":[{"href":"https:\/\/coexa.es\/ca\/wp-json\/wp\/v2\/media?parent=232"}],"curies":[{"name":"wp","href":"https:\/\/api.w.org\/{rel}","templated":true}]}}