{"id":332,"date":"2025-06-02T10:18:31","date_gmt":"2025-06-02T10:18:31","guid":{"rendered":"https:\/\/dev.coexa.es\/?page_id=332"},"modified":"2025-06-11T08:25:34","modified_gmt":"2025-06-11T08:25:34","slug":"obras-destacadas","status":"publish","type":"page","link":"https:\/\/coexa.es\/ca\/obras-destacadas\/","title":{"rendered":"OBRES DESTACADES"},"content":{"rendered":"<p>[et_pb_section fb_built=\u00bb1&#8243; _builder_version=\u00bb4.27.4&#8243; _module_preset=\u00bbdefault\u00bb background_image=\u00bbhttps:\/\/dev.coexa.es\/wp-content\/uploads\/2025\/05\/FONDO-BANNER-SECCIONS-COEXA.webp\u00bb background_size=\u00bbcontain\u00bb custom_padding=\u00bb||0px|||\u00bb locked=\u00bboff\u00bb global_colors_info=\u00bb{}\u00bb][et_pb_row _builder_version=\u00bb4.27.4&#8243; _module_preset=\u00bbdefault\u00bb global_colors_info=\u00bb{}\u00bb][et_pb_column type=\u00bb4_4&#8243; _builder_version=\u00bb4.27.4&#8243; _module_preset=\u00bbdefault\u00bb global_colors_info=\u00bb{}\u00bb][et_pb_heading title=\u00bbNUESTROS PROYECTOS\u00bb _builder_version=\u00bb4.27.4&#8243; _module_preset=\u00bbdefault\u00bb title_font=\u00bb&#8211;et_global_heading_font|800|||||||\u00bb title_text_align=\u00bbcenter\u00bb title_text_color=\u00bbgcid-secondary-color\u00bb background_enable_color=\u00bboff\u00bb background_enable_image=\u00bboff\u00bb module_alignment=\u00bbcenter\u00bb custom_padding=\u00bb14px||||false|false\u00bb global_colors_info=\u00bb{%22gcid-primary-color%22:%91%22background_color%22%93,%22gcid-secondary-color%22:%91%22title_text_color%22%93}\u00bb][\/et_pb_heading][\/et_pb_column][\/et_pb_row][\/et_pb_section][et_pb_section fb_built=\u00bb1&#8243; _builder_version=\u00bb4.27.4&#8243; _module_preset=\u00bbdefault\u00bb custom_padding=\u00bb1px|||||\u00bb global_colors_info=\u00bb{}\u00bb][et_pb_row _builder_version=\u00bb4.27.4&#8243; _module_preset=\u00bbdefault\u00bb global_colors_info=\u00bb{}\u00bb][et_pb_column type=\u00bb4_4&#8243; _builder_version=\u00bb4.27.4&#8243; _module_preset=\u00bbdefault\u00bb global_colors_info=\u00bb{}\u00bb][et_pb_text _builder_version=\u00bb4.27.4&#8243; _module_preset=\u00bbdefault\u00bb text_font_size=\u00bb17px\u00bb text_orientation=\u00bbjustified\u00bb global_colors_info=\u00bb{}\u00bb]<\/p>\n<p class=\"cvGsUA direction-ltr align-justify para-style-body\"><span class=\"OYPEnA font-feature-liga-off font-feature-clig-off font-feature-calt-off text-decoration-none text-strikethrough-none\">COEXA S.A., des de la seva creaci\u00f3, ha desenvolupat la seva principal activitat comercial al sector de la construcci\u00f3, i m\u00e9s concretament a la construcci\u00f3 d'obra civil, sense deixar de banda el sector de l'edificaci\u00f3, comptant amb les diferents administracions p\u00fabliques com a principals clients, havent realitzat una gran quantitat i varietat d'obres durant aquests anys, la qual cosa suposa el nostre millor aparador i garantia per a la satisfacci\u00f3 dels nostres actuals i futurs clients.<\/span><\/p>\n<p class=\"cvGsUA direction-ltr align-justify para-style-body\"><span class=\"OYPEnA font-feature-liga-off font-feature-clig-off font-feature-calt-off text-decoration-none text-strikethrough-none\">Gr\u00e0cies a la seva dilatada experi\u00e8ncia al sector de la construcci\u00f3, en els darrers trenta anys, COEXA S.A. ha ampliat la seva activitat comercial cap a la contractaci\u00f3 de serveis dexplotaci\u00f3, manteniment i conservaci\u00f3 dinfraestructures i del medi ambient.<\/span><\/p>\n<p>[\/et_pb_text][\/et_pb_column][\/et_pb_row][\/et_pb_section][et_pb_section fb_built=\u00bb1&#8243; _builder_version=\u00bb4.27.4&#8243; _module_preset=\u00bbdefault\u00bb custom_padding=\u00bb5px||0px|||\u00bb global_colors_info=\u00bb{}\u00bb][et_pb_row _builder_version=\u00bb4.27.4&#8243; _module_preset=\u00bbdefault\u00bb custom_padding=\u00bb||0px|||\u00bb global_colors_info=\u00bb{}\u00bb][et_pb_column type=\u00bb4_4&#8243; _builder_version=\u00bb4.27.4&#8243; _module_preset=\u00bbdefault\u00bb global_colors_info=\u00bb{}\u00bb][et_pb_heading title=\u00bbOBRAS DESTACADAS\u00bb _builder_version=\u00bb4.27.4&#8243; _module_preset=\u00bbdefault\u00bb title_level=\u00bbh2&#8243; title_text_align=\u00bbcenter\u00bb title_text_color=\u00bbgcid-secondary-color\u00bb global_colors_info=\u00bb{%22gcid-secondary-color%22:%91%22title_text_color%22%93}\u00bb][\/et_pb_heading][et_pb_divider _builder_version=\u00bb4.27.4&#8243; _module_preset=\u00bbdefault\u00bb global_colors_info=\u00bb{}\u00bb][\/et_pb_divider][\/et_pb_column][\/et_pb_row][\/et_pb_section][et_pb_section fb_built=\u00bb1&#8243; fullwidth=\u00bbon\u00bb _builder_version=\u00bb4.27.4&#8243; _module_preset=\u00bbdefault\u00bb global_colors_info=\u00bb{}\u00bb][et_pb_fullwidth_slider show_image_video_mobile=\u00bbon\u00bb arrows_custom_color=\u00bbgcid-secondary-color\u00bb dot_nav_custom_color=\u00bbgcid-secondary-color\u00bb disabled_on=\u00bboff|off|off\u00bb _builder_version=\u00bb4.27.4&#8243; _module_preset=\u00bbdefault\u00bb header_font_size=\u00bb45px\u00bb width=\u00bb75%\u00bb width_tablet=\u00bb100%\u00bb width_phone=\u00bb100%\u00bb width_last_edited=\u00bbon|tablet\u00bb module_alignment=\u00bbcenter\u00bb content_width=\u00bb100%\u00bb custom_margin_tablet=\u00bb\u00bb custom_margin_phone=\u00bb\u00bb custom_margin_last_edited=\u00bbon|desktop\u00bb custom_padding=\u00bb0px||94px||false|false\u00bb custom_padding_tablet=\u00bb0px||||false|false\u00bb custom_padding_phone=\u00bb0px||||false|false\u00bb custom_padding_last_edited=\u00bbon|phone\u00bb auto=\u00bbon\u00bb hover_enabled=\u00bb0&#8243; header_font_size_tablet=\u00bb30px\u00bb header_font_size_phone=\u00bb30px\u00bb header_font_size_last_edited=\u00bbon|tablet\u00bb global_colors_info=\u00bb{%22gcid-secondary-color%22:%91%22arrows_custom_color%22,%22dot_nav_custom_color%22%93}\u00bb sticky_enabled=\u00bb0&#8243;][et_pb_slide heading=\u00bbAdecuaci\u00f3n y legalizaci\u00f3n del emisario submarino y vertido al mar de la EDAR de Capdepera\u00bb image=\u00bbhttps:\/\/dev.coexa.es\/wp-content\/uploads\/2025\/06\/ADEQUACIO-I-LEGALITZACIO-LEMISARI-SUBMARI-I-ABOCAMENT-AL-MAR-DE-LA-EDAR-DE-CAPDEPERA.webp\u00bb _builder_version=\u00bb4.27.4&#8243; _module_preset=\u00bbdefault\u00bb header_font=\u00bb|||on|||||\u00bb header_text_color=\u00bbgcid-secondary-color\u00bb header_font_size=\u00bb30px\u00bb body_text_align=\u00bbjustify\u00bb body_text_color=\u00bbgcid-secondary-color\u00bb background_color=\u00bbRGBA(255,255,255,0)\u00bb background_enable_color=\u00bbon\u00bb text_orientation=\u00bbjustified\u00bb header_font_size_tablet=\u00bb30px\u00bb header_font_size_phone=\u00bb30px\u00bb header_font_size_last_edited=\u00bbon|phone\u00bb global_colors_info=\u00bb{%22gcid-secondary-color%22:%91%22header_text_color%22,%22body_text_color%22%93}\u00bb sticky_transition=\u00bbon\u00bb]<\/p>\n<p><strong>CLIENT<\/strong>: ABAQUA<\/p>\n<p><strong>UBICACI\u00d3<\/strong>: Terme municipal de Capdepera, Mallorca.<\/p>\n<p><strong>PRESSUPOST<\/strong>: 3.900.960,00 \u20ac<\/p>\n<p><strong>DESCRIPCI\u00d3<\/strong>Substituci\u00f3 del tram submar\u00ed de l'emissari de l'EDAR de Capdepera \u2013 Cala Rajada. Instal\u00b7laci\u00f3 d'un nou tram d'un quil\u00f2metre de longitud de canonada emiss\u00e0ria, realitzada amb canonada de PEAD de 800 mm de di\u00e0metre, i de 600 mm al tram dels nous difusors. Inclou la instal\u00b7laci\u00f3 al fons del llit mar\u00ed de les canalitzacions mitjan\u00e7ant llasts de formig\u00f3 i la connexi\u00f3 amb el tram existent de l'emissari a la l\u00ednia de costa, aix\u00ed com la modificaci\u00f3 d'una EBAR existent.<\/p>\n<p>[\/et_pb_slide][et_pb_slide heading=\u00bbAmpliaci\u00f3n del cementerio municipal de Porreres\u00bb image=\u00bbhttps:\/\/dev.coexa.es\/wp-content\/uploads\/2025\/06\/AMPLIACIO-CEMENTIRI-MUNICIPAL-DE-PORRERES.webp\u00bb _builder_version=\u00bb4.27.4&#8243; _module_preset=\u00bbdefault\u00bb header_font=\u00bb|||on|||||\u00bb header_text_color=\u00bbgcid-secondary-color\u00bb header_font_size=\u00bb30px\u00bb body_text_align=\u00bbjustify\u00bb body_text_color=\u00bbgcid-secondary-color\u00bb background_color=\u00bbRGBA(255,255,255,0)\u00bb background_enable_color=\u00bbon\u00bb text_orientation=\u00bbjustified\u00bb global_colors_info=\u00bb{%22gcid-secondary-color%22:%91%22header_text_color%22,%22body_text_color%22%93}\u00bb sticky_transition=\u00bbon\u00bb]<\/p>\n<p><strong>CLIENT<\/strong>: Ajuntament de Porreres<\/p>\n<p><strong>UBICACI\u00d3<\/strong>: Terme municipal de Porreres, Mallorca.<\/p>\n<p><strong>PRESSUPOST<\/strong>: 1.194.420,00 \u20ac<\/p>\n<p><strong>DESCRIPCI\u00d3<\/strong>: Construcci\u00f3 de l'ampliaci\u00f3 del cementiri municipal de Porreres, incloent-hi la construcci\u00f3 de noves tombes, n\u00ednxols, urbanitzaci\u00f3 i pavimentaci\u00f3 d'espais comuns, col\u00b7locaci\u00f3 de mobiliari urb\u00e0 i jardineria, i tancaments exteriors amb murs de pedra natural. Tamb\u00e9 inclou la pavimentaci\u00f3 amb aglomerat asf\u00e0ltic de laparcament exterior del cementiri.<\/p>\n<p>[\/et_pb_slide][et_pb_slide heading=\u00bbAmpliaci\u00f3n y mejora del tratamiento de la EDAR de Art\u00e0\u00bb image=\u00bbhttps:\/\/dev.coexa.es\/wp-content\/uploads\/2025\/06\/AMPLIACIO-I-MILLORA-DEL-TRACTAMENT-DE-LEDAR-DE-ARTA.webp\u00bb _builder_version=\u00bb4.27.4&#8243; _module_preset=\u00bbdefault\u00bb header_font=\u00bb|||on|||||\u00bb header_text_color=\u00bbgcid-secondary-color\u00bb header_font_size=\u00bb30px\u00bb body_text_align=\u00bbjustify\u00bb body_text_color=\u00bbgcid-secondary-color\u00bb background_color=\u00bbRGBA(255,255,255,0)\u00bb background_enable_color=\u00bbon\u00bb text_orientation=\u00bbjustified\u00bb global_colors_info=\u00bb{%22gcid-secondary-color%22:%91%22header_text_color%22,%22body_text_color%22%93}\u00bb sticky_transition=\u00bbon\u00bb]<\/p>\n<p><strong>CLIENT<\/strong>: ABAQUA<\/p>\n<p><strong>UBICACI\u00d3<\/strong>: Terme municipal d'Art\u00e0, Mallorca.<\/p>\n<p><strong>PRESSUPOST<\/strong>: 1.135.346,00 \u20ac<\/p>\n<p><strong>DESCRIPCI\u00d3<\/strong>: Construcci\u00f3 de diferents elements a l'EDAR d'Art\u00e0 per tal de millorar el proc\u00e9s de depuraci\u00f3 i el tractament dels fangs. Inclou la construcci\u00f3 d'un nou reactor biol\u00f2gic, espessidor de fangs i edifici d'assecat, ampliaci\u00f3 de l'edifici de bufadors, modificaci\u00f3 del bombament i canonada d'entrada, i la instal\u00b7laci\u00f3 de noves canalitzacions de comunicaci\u00f3 entre els diferents elements.<\/p>\n<p>[\/et_pb_slide][et_pb_slide heading=\u00bbCentro multiusos y de actividades tur\u00edsticas de Cala Rajada\u00bb image=\u00bbhttps:\/\/dev.coexa.es\/wp-content\/uploads\/2025\/06\/CENTRE-MULTIUSOS-I-DACTIVITATS-TURISTIQUES-DE-CALA-RATJADA.webp\u00bb _builder_version=\u00bb4.27.4&#8243; _module_preset=\u00bbdefault\u00bb header_font=\u00bb|||on|||||\u00bb header_text_color=\u00bbgcid-secondary-color\u00bb header_font_size=\u00bb30px\u00bb body_text_align=\u00bbjustify\u00bb body_text_color=\u00bbgcid-secondary-color\u00bb background_color=\u00bbRGBA(255,255,255,0)\u00bb background_enable_color=\u00bbon\u00bb text_orientation=\u00bbjustified\u00bb global_colors_info=\u00bb{%22gcid-secondary-color%22:%91%22header_text_color%22,%22body_text_color%22%93}\u00bb sticky_transition=\u00bbon\u00bb]<\/p>\n<p><strong>CLIENT<\/strong>: Ajuntament de Capdepera<\/p>\n<p><strong>UBICACI\u00d3<\/strong>: Cala Rajada, terme municipal de Capdepera, Mallorca.<\/p>\n<p><strong>PRESSUPOST<\/strong>: 6.995.332,00 \u20ac<\/p>\n<p><strong>DESCRIPCI\u00d3<\/strong>: Construcci\u00f3 d\u00b4un nou edifici multiusos amb una superf\u00edcie constru\u00efda d\u00b4aproximadament 3.000 m\u00b2, construcci\u00f3 d\u00b4un aparcament en superf\u00edcie despr\u00e9s de la demolici\u00f3 de l\u00b4edifici existent a la parcel\u00b7la, i construcci\u00f3 d\u00b4una pla\u00e7a i zona verda a la resta de la parcel\u00b7la. L\u00b4edifici inclou un auditori per a unes tres-centes persones, una biblioteca, sales d\u00b4exposicions, cafeteria, sales d\u00b4assaig, despatxos i oficines, etc.<\/p>\n<p>[\/et_pb_slide][et_pb_slide heading=\u00bbConservaci\u00f3n del sistema dunar de Cala Mesquida\u00bb image=\u00bbhttps:\/\/dev.coexa.es\/wp-content\/uploads\/2025\/06\/CONSERVACIO-DEL-SISTEMA-DUNAR-DE-CALA-MESQUIDA.webp\u00bb _builder_version=\u00bb4.27.4&#8243; _module_preset=\u00bbdefault\u00bb header_font=\u00bb|||on|||||\u00bb header_text_color=\u00bbgcid-secondary-color\u00bb header_font_size=\u00bb30px\u00bb body_text_align=\u00bbjustify\u00bb body_text_color=\u00bbgcid-secondary-color\u00bb background_color=\u00bbRGBA(255,255,255,0)\u00bb background_enable_color=\u00bbon\u00bb text_orientation=\u00bbjustified\u00bb global_colors_info=\u00bb{%22gcid-secondary-color%22:%91%22header_text_color%22,%22body_text_color%22%93}\u00bb sticky_transition=\u00bbon\u00bb]<\/p>\n<p><strong>CLIENT<\/strong>: Ministeri de Medi Ambient<\/p>\n<p><strong>UBICACI\u00d3<\/strong>: Platja de Cala Mesquida, terme municipal de Capdepera, Mallorca.<\/p>\n<p><strong>PRESSUPOST<\/strong>: 470.041,00 \u20ac<\/p>\n<p><strong>DESCRIPCI\u00d3<\/strong>: Realitzaci\u00f3 de diverses actuacions orientades a la conservaci\u00f3 del sistema dunar de Cala Mesquida. S'hi inclou la construcci\u00f3 d'una passarel\u00b7la de fusta que travessa el cord\u00f3 dunar amb una longitud aproximada de cinc-cents metres, la instal\u00b7laci\u00f3 de pantalles de v\u00edmet per a la captaci\u00f3 de sorra, la col\u00b7locaci\u00f3 d'un quil\u00f2metre de barrera tova (pals de fusta units amb cordes) per senyalitzar la zona protegida i prohibida al tr\u00e0nsit de persones i animals, aix\u00ed com la vegetaci\u00f3 de la vegetaci\u00f3. plantes de diferents esp\u00e8cies.<\/p>\n<p>[\/et_pb_slide][et_pb_slide heading=\u00bbMuro de contenci\u00f3n en Es Carregador\u00bb image=\u00bbhttps:\/\/dev.coexa.es\/wp-content\/uploads\/2025\/06\/MUR-DE-CONTENCIO-A-ES-CARREGADOR.webp\u00bb _builder_version=\u00bb4.27.4&#8243; _module_preset=\u00bbdefault\u00bb header_font=\u00bb|||on|||||\u00bb header_text_color=\u00bbgcid-secondary-color\u00bb header_font_size=\u00bb30px\u00bb body_text_align=\u00bbjustify\u00bb body_text_color=\u00bbgcid-secondary-color\u00bb background_color=\u00bbRGBA(255,255,255,0)\u00bb background_enable_color=\u00bbon\u00bb text_orientation=\u00bbjustified\u00bb global_colors_info=\u00bb{%22gcid-secondary-color%22:%91%22header_text_color%22,%22body_text_color%22%93}\u00bb sticky_transition=\u00bbon\u00bb]<\/p>\n<p><strong>CLIENT<\/strong>: Ajuntament de Capdepera<\/p>\n<p><strong>UBICACI\u00d3<\/strong>: Cala Rajada, terme municipal de Capdepera, Mallorca.<\/p>\n<p><strong>PRESSUPOST<\/strong>: 85.375,98 \u20ac<\/p>\n<p><strong>DESCRIPCI\u00d3<\/strong>: Demolici\u00f3 i posterior reconstrucci\u00f3, a la vora del mar, del mur de contenci\u00f3 de carretera existent, realitzat amb formig\u00f3 en massa revestit de pedra, incloent la reposici\u00f3 de la xarxa de drenatge, aix\u00ed com del paviment de la carretera a la zona afectada per les obres, mitjan\u00e7ant mescla bituminosa en calent.<\/p>\n<p>[\/et_pb_slide][et_pb_slide heading=\u00bbObras de construcci\u00f3n del local social del Club N\u00e1utico de Can Picafort\u00bb image=\u00bbhttps:\/\/dev.coexa.es\/wp-content\/uploads\/2025\/06\/OBRES-DE-CONSTRUCCIO-DEL-LOCAL-SOCIAL-DEL-CLUB-NAUTIC-DE-CAN-PICAFORT.webp\u00bb _builder_version=\u00bb4.27.4&#8243; _module_preset=\u00bbdefault\u00bb header_font=\u00bb|||on|||||\u00bb header_text_color=\u00bbgcid-secondary-color\u00bb header_font_size=\u00bb30px\u00bb body_text_align=\u00bbjustify\u00bb body_text_color=\u00bbgcid-secondary-color\u00bb background_color=\u00bbRGBA(255,255,255,0)\u00bb background_enable_color=\u00bbon\u00bb text_orientation=\u00bbjustified\u00bb global_colors_info=\u00bb{%22gcid-secondary-color%22:%91%22header_text_color%22,%22body_text_color%22%93}\u00bb sticky_transition=\u00bbon\u00bb]<\/p>\n<p><strong>CLIENT<\/strong>: Club N\u00e0utic de Can Picafort<\/p>\n<p><strong>UBICACI\u00d3<\/strong>: Can Picafort, terme municipal de Santa Margalida, Mallorca.<\/p>\n<p><strong>PRESSUPOST<\/strong>: 450.000,00 \u20ac<\/p>\n<p><strong>DESCRIPCI\u00d3<\/strong>: Construcci\u00f3 d'un nou edifici destinat a un local social del Club N\u00e0utic de Can Picafort. S'inclouen tots els treballs de construcci\u00f3 de la fonamentaci\u00f3, estructura mitjan\u00e7ant p\u00f2rtics de fusta laminada i panells sandvitx autoportants, aix\u00ed com totes les instal\u00b7lacions i treballs diversos d'obra fins a la completa finalitzaci\u00f3.<\/p>\n<p>[\/et_pb_slide][et_pb_slide heading=\u00bbObras de mejora de la acequia des Vinyet en Sa Pobla\u00bb image=\u00bbhttps:\/\/dev.coexa.es\/wp-content\/uploads\/2025\/06\/OBRES-DE-MILLORA-DE-LA-SEQUIA-DES-VINYET-A-SA-POBLA.webp\u00bb _builder_version=\u00bb4.27.4&#8243; _module_preset=\u00bbdefault\u00bb header_font=\u00bb|||on|||||\u00bb header_text_color=\u00bbgcid-secondary-color\u00bb header_font_size=\u00bb30px\u00bb body_text_align=\u00bbjustify\u00bb body_text_color=\u00bbgcid-secondary-color\u00bb background_color=\u00bbRGBA(255,255,255,0)\u00bb background_enable_color=\u00bbon\u00bb text_orientation=\u00bbjustified\u00bb global_colors_info=\u00bb{%22gcid-secondary-color%22:%91%22header_text_color%22,%22body_text_color%22%93}\u00bb sticky_transition=\u00bbon\u00bb]<\/p>\n<p><strong>CLIENT<\/strong>: ABAQUA<\/p>\n<p><strong>UBICACI\u00d3<\/strong>: Terme municipal de Sa Pobla, Mallorca.<\/p>\n<p><strong>PRESSUPOST<\/strong>: 2.117.423,00 \u20ac<\/p>\n<p><strong>DESCRIPCI\u00d3<\/strong>: Construcci\u00f3 d'un col\u00b7lector per gravetat per a la recollida i el drenatge d'aig\u00fces pluvials, consistent en la col\u00b7locaci\u00f3 de canonades de PVC refor\u00e7at amb bandes d'acer, amb di\u00e0metres compresos entre 900 i 1.100 mm, en un tram d'aproximadament dos quil\u00f2metres. Posteriorment, aquesta canalitzaci\u00f3 es converteix en un marc de formig\u00f3 de 1,25 x 2,00 m de dimensions interiors, que finalment desemboca a un torrent proper. Tota la canalitzaci\u00f3 queda enterrada sota carrers, camins i parcel\u00b7les. Es va fer la reposici\u00f3 de tots els paviments demolits per a l'execuci\u00f3 de les obres.<\/p>\n<p>[\/et_pb_slide][et_pb_slide heading=\u00bbObras de urbanizaci\u00f3n de la fachada mar\u00edtima \u2013 Fase 2. Palma de Mallorca\u00bb image=\u00bbhttps:\/\/dev.coexa.es\/wp-content\/uploads\/2025\/06\/OBRES-DE-URBANITZACIO-DE-LA-FACANA-MARITIMA-FASE-2.-PALMA-DE-MALLORCA.webp\u00bb _builder_version=\u00bb4.27.4&#8243; _module_preset=\u00bbdefault\u00bb header_font=\u00bb|||on|||||\u00bb header_text_color=\u00bbgcid-secondary-color\u00bb header_font_size=\u00bb30px\u00bb body_text_align=\u00bbjustify\u00bb body_text_color=\u00bbgcid-secondary-color\u00bb background_color=\u00bbRGBA(255,255,255,0)\u00bb background_enable_color=\u00bbon\u00bb text_orientation=\u00bbjustified\u00bb global_colors_info=\u00bb{%22gcid-secondary-color%22:%91%22header_text_color%22,%22body_text_color%22%93}\u00bb sticky_transition=\u00bbon\u00bb]<\/p>\n<p><strong>CLIENT<\/strong>: Empresa Municipal d'Obres i Projectes Urbans de Palma S.A.<\/p>\n<p><strong>UBICACI\u00d3<\/strong>: Terme municipal de Palma de Mallorca, Mallorca.<\/p>\n<p><strong>PRESSUPOST<\/strong>: 14.486.180,00 \u20ac<\/p>\n<p><strong>DESCRIPCI\u00d3<\/strong>: Construcci\u00f3 d'una nova urbanitzaci\u00f3 per a parcel\u00b7les d'\u00fas industrial. Inclou treballs de moviments de terres; esplanacions; dotaci\u00f3 dels diferents serveis per a les parcel\u00b7les, tant a les seves canalitzacions principals com a les connexions particulars, incloent xarxes de clavegueram, drenatge (amb la canalitzaci\u00f3 d'un torrent existent que travessa la urbanitzaci\u00f3), aigua potable, telefonia, electrificaci\u00f3 en baixa i mitjana tensi\u00f3, enllumenat p\u00fablic, etc.; pavimentaci\u00f3 de vials amb aglomerat asf\u00e0ltic i de voreres amb paviment de rajola tipus panot; diversos treballs de jardineria; senyalitzaci\u00f3, etc. Tamb\u00e9 es van executar dos nous accessos des de les carreteres Ma-3433 i Ma-3470.<\/p>\n<p>[\/et_pb_slide][et_pb_slide heading=\u00bbProlongaci\u00f3n PM-27 Autopista Central. Variante de Inca\u00bb image=\u00bbhttps:\/\/dev.coexa.es\/wp-content\/uploads\/2025\/06\/PROLONGACIO-PM-27-AUTOPISTA-CENTRAL.-VARIANT-DINCA.webp\u00bb _builder_version=\u00bb4.27.4&#8243; _module_preset=\u00bbdefault\u00bb header_font=\u00bb|||on|||||\u00bb header_text_color=\u00bbgcid-secondary-color\u00bb header_font_size=\u00bb30px\u00bb body_text_align=\u00bbjustify\u00bb body_text_color=\u00bbgcid-secondary-color\u00bb background_color=\u00bbRGBA(255,255,255,0)\u00bb background_enable_color=\u00bbon\u00bb text_orientation=\u00bbjustified\u00bb global_colors_info=\u00bb{%22gcid-secondary-color%22:%91%22header_text_color%22,%22body_text_color%22%93}\u00bb sticky_transition=\u00bbon\u00bb]<\/p>\n<p><strong>CLIENT<\/strong>: Govern de les Illes Balears<\/p>\n<p><strong>UBICACI\u00d3<\/strong>: Terme municipal de Inca, Mallorca.<\/p>\n<p><strong>PRESSUPOST<\/strong>: 24.976.614,00 \u20ac<\/p>\n<p><strong>DESCRIPCI\u00d3<\/strong>: Construcci\u00f3 d'un tram d'aproximadament quatre quil\u00f2metres d'autopista de nou tra\u00e7at, amb dos carrils per sentit de circulaci\u00f3. Inclou treballs de moviments de terres, esplanacions, pavimentacions, estructures, drenatges, desviament de serveis existents, senyalitzaci\u00f3 vertical i horitzontal, etc.<\/p>\n<p>[\/et_pb_slide][et_pb_slide heading=\u00bbRemodelaci\u00f3n del polideportivo de Sa Pobla\u00bb image=\u00bbhttps:\/\/dev.coexa.es\/wp-content\/uploads\/2025\/06\/REMODELACIO-DEL-POLIESPORTIU-DE-SA-POBLA.webp\u00bb _builder_version=\u00bb4.27.4&#8243; _module_preset=\u00bbdefault\u00bb header_font=\u00bb|||on|||||\u00bb header_text_color=\u00bbgcid-secondary-color\u00bb header_font_size=\u00bb30px\u00bb body_text_align=\u00bbjustify\u00bb body_text_color=\u00bbgcid-secondary-color\u00bb background_color=\u00bbRGBA(255,255,255,0)\u00bb background_enable_color=\u00bbon\u00bb text_orientation=\u00bbjustified\u00bb global_colors_info=\u00bb{%22gcid-secondary-color%22:%91%22header_text_color%22,%22body_text_color%22%93}\u00bb sticky_transition=\u00bbon\u00bb]<\/p>\n<p><strong>CLIENT<\/strong>: Ajuntament de Sa Pobla<\/p>\n<p><strong>UBICACI\u00d3<\/strong>: Terme municipal de Sa Pobla, Mallorca.<\/p>\n<p><strong>PRESSUPOST<\/strong>: 1.702.035,00 \u20ac<\/p>\n<p><strong>DESCRIPCI\u00d3<\/strong>: Remodelaci\u00f3 integral del poliesportiu existent, consistent en la rehabilitaci\u00f3 de l'edifici actual amb una part destinada a bar, ampliaci\u00f3 de la piscina coberta existent, reparaci\u00f3 del paviment de la pista d'atletisme existent i construcci\u00f3 d'una nova pista poliesportiva coberta.<\/p>\n<p>[\/et_pb_slide][et_pb_slide heading=\u00bbUrbanizaci\u00f3n del \u00c1rea de Rehabilitaci\u00f3n Integrada de parte del casco antiguo de Sa Pobla \u2013 Fases 1 y 2&#8243; image=\u00bbhttps:\/\/dev.coexa.es\/wp-content\/uploads\/2025\/06\/URBANITZACIO-DE-LAREA-DE-REHABILITACIO-INTEGRADA-DE-PART-DE-LA-CIUTAT-ANTIGA-DE-SA-POBLA-FASES-1-I-2.webp\u00bb _builder_version=\u00bb4.27.4&#8243; _module_preset=\u00bbdefault\u00bb header_font=\u00bb|||on|||||\u00bb header_text_color=\u00bbgcid-secondary-color\u00bb header_font_size=\u00bb30px\u00bb body_text_align=\u00bbjustify\u00bb body_text_color=\u00bbgcid-secondary-color\u00bb background_color=\u00bbRGBA(255,255,255,0)\u00bb background_enable_color=\u00bbon\u00bb text_orientation=\u00bbjustified\u00bb global_colors_info=\u00bb{%22gcid-secondary-color%22:%91%22header_text_color%22,%22body_text_color%22%93}\u00bb sticky_transition=\u00bbon\u00bb]<\/p>\n<p><strong>CLIENT<\/strong>: Ajuntament de Sa Pobla<\/p>\n<p><strong>UBICACI\u00d3<\/strong>: Terme municipal de Sa Pobla, Mallorca.<\/p>\n<p><strong>PRESSUPOST<\/strong>: 3.255.175,00 \u20ac<\/p>\n<p><strong>DESCRIPCI\u00d3<\/strong>: Vianants del centre hist\u00f2ric del nucli urb\u00e0 de Sa Pobla, incloent-hi la renovaci\u00f3 de la xarxa de clavegueram i aigua potable existents, la dotaci\u00f3 d'una nova xarxa de drenatge, el soterrament i renovaci\u00f3 de la xarxa d'enllumenat p\u00fablic, la instal\u00b7laci\u00f3 de canalitzacions subterr\u00e0nies per al subministrament de telefonia i electricitat. Inclou la pavimentaci\u00f3 dels carrers amb llamborda prefabricada de formig\u00f3, aix\u00ed com la instal\u00b7laci\u00f3 de nou mobiliari urb\u00e0 (bancs, papereres, bol\u00b7lards, jardineres, etc.), instal\u00b7laci\u00f3 de sistema de contenidors soterrats per a la recollida de residus, etc.<\/p>\n<p>[\/et_pb_slide][et_pb_slide heading=\u00bbVariante de Sant Lloren\u00e7 des Cardassar\u00bb image=\u00bbhttps:\/\/dev.coexa.es\/wp-content\/uploads\/2025\/06\/VARIANT-DE-SANT-LLORENC-DES-CARDASSAR.webp\u00bb _builder_version=\u00bb4.27.4&#8243; _module_preset=\u00bbdefault\u00bb header_font=\u00bb|||on|||||\u00bb header_text_color=\u00bbgcid-secondary-color\u00bb header_font_size=\u00bb30px\u00bb body_text_align=\u00bbjustify\u00bb body_text_color=\u00bbgcid-secondary-color\u00bb background_color=\u00bbRGBA(255,255,255,0)\u00bb background_enable_color=\u00bbon\u00bb text_orientation=\u00bbjustified\u00bb global_colors_info=\u00bb{%22gcid-secondary-color%22:%91%22header_text_color%22,%22body_text_color%22%93}\u00bb sticky_transition=\u00bbon\u00bb]<\/p>\n<p><strong>CLIENT<\/strong>: Govern de les Illes Balears<\/p>\n<p><strong>UBICACI\u00d3<\/strong>: Terme municipal de Sant Lloren\u00e7 des Cardassar, Mallorca.<\/p>\n<p><strong>PRESSUPOST<\/strong>: 10.290.442,00 \u20ac<\/p>\n<p><strong>DESCRIPCI\u00d3<\/strong>: Construcci\u00f3 d'aproximadament quatre quil\u00f2metres de carretera de nou tra\u00e7at, incloent l'execuci\u00f3 de diverses rotondes d'enlla\u00e7 amb camins i carreteres existents. Inclou treballs de moviments de terres, esplanacions, pavimentacions, estructures, drenatges, desviament de serveis existents, senyalitzaci\u00f3 vertical i horitzontal, reposici\u00f3 de murs de pedra, etc.<\/p>\n<p>[\/et_pb_slide][\/et_pb_fullwidth_slider][\/et_pb_section][et_pb_section fb_built=\u00bb1&#8243; _builder_version=\u00bb4.27.4&#8243; _module_preset=\u00bbdefault\u00bb custom_padding=\u00bb5px||0px|||\u00bb global_colors_info=\u00bb{}\u00bb][et_pb_row _builder_version=\u00bb4.27.4&#8243; _module_preset=\u00bbdefault\u00bb custom_padding=\u00bb||0px|||\u00bb global_colors_info=\u00bb{}\u00bb][et_pb_column type=\u00bb4_4&#8243; _builder_version=\u00bb4.27.4&#8243; _module_preset=\u00bbdefault\u00bb global_colors_info=\u00bb{}\u00bb][et_pb_heading title=\u00bbSERVICIOS DESTACADOS\u00bb _builder_version=\u00bb4.27.4&#8243; _module_preset=\u00bbdefault\u00bb title_level=\u00bbh2&#8243; title_text_align=\u00bbcenter\u00bb title_text_color=\u00bbgcid-secondary-color\u00bb global_colors_info=\u00bb{%22gcid-secondary-color%22:%91%22title_text_color%22%93}\u00bb][\/et_pb_heading][et_pb_divider _builder_version=\u00bb4.27.4&#8243; _module_preset=\u00bbdefault\u00bb global_colors_info=\u00bb{}\u00bb][\/et_pb_divider][\/et_pb_column][\/et_pb_row][\/et_pb_section][et_pb_section fb_built=\u00bb1&#8243; fullwidth=\u00bbon\u00bb _builder_version=\u00bb4.27.4&#8243; _module_preset=\u00bbdefault\u00bb width=\u00bb75%\u00bb width_tablet=\u00bb100%\u00bb width_phone=\u00bb100%\u00bb width_last_edited=\u00bbon|desktop\u00bb module_alignment=\u00bbcenter\u00bb global_colors_info=\u00bb{}\u00bb][et_pb_fullwidth_slider show_image_video_mobile=\u00bbon\u00bb arrows_custom_color=\u00bbgcid-secondary-color\u00bb dot_nav_custom_color=\u00bbgcid-secondary-color\u00bb disabled_on=\u00bboff|off|off\u00bb _builder_version=\u00bb4.27.4&#8243; _module_preset=\u00bbdefault\u00bb module_alignment=\u00bbcenter\u00bb content_width=\u00bb100%\u00bb content_width_tablet=\u00bb100%\u00bb content_width_phone=\u00bb100%\u00bb content_width_last_edited=\u00bbon|phone\u00bb custom_margin=\u00bb0px||||false|false\u00bb custom_padding=\u00bb8px||94px|||\u00bb custom_padding_tablet=\u00bb0px||||false|false\u00bb custom_padding_phone=\u00bb0px||||false|false\u00bb custom_padding_last_edited=\u00bbon|phone\u00bb auto=\u00bbon\u00bb module_alignment_tablet=\u00bbcenter\u00bb module_alignment_phone=\u00bbcenter\u00bb module_alignment_last_edited=\u00bbon|tablet\u00bb global_colors_info=\u00bb{%22gcid-secondary-color%22:%91%22arrows_custom_color%22,%22dot_nav_custom_color%22%93}\u00bb][et_pb_slide heading=\u00bbConservaci\u00f3n y mantenimiento de carreteras de la red del Consell de Mallorca, Zona 7&#8243; image=\u00bbhttps:\/\/dev.coexa.es\/wp-content\/uploads\/2025\/06\/CONSERVACIO-I-MANTENIMENT-DE-CARRETERES-DE-LA-XARXA-DEL-CONSELL-DE-MALLORCA-ZONA-7.webp\u00bb _builder_version=\u00bb4.27.4&#8243; _module_preset=\u00bbdefault\u00bb header_font=\u00bb|||on|||||\u00bb header_text_color=\u00bbgcid-secondary-color\u00bb header_font_size=\u00bb30px\u00bb body_text_align=\u00bbjustify\u00bb body_text_color=\u00bbgcid-secondary-color\u00bb background_color=\u00bbRGBA(255,255,255,0)\u00bb background_enable_color=\u00bbon\u00bb text_orientation=\u00bbjustified\u00bb width=\u00bb100%\u00bb global_colors_info=\u00bb{%22gcid-secondary-color%22:%91%22header_text_color%22,%22body_text_color%22%93}\u00bb sticky_transition=\u00bbon\u00bb]<\/p>\n<p><strong>CLIENT<\/strong>: Consell Insular de Mallorca<\/p>\n<p><strong>UBICACI\u00d3<\/strong>: Municipis del Llevant de Mallorca<\/p>\n<p><strong>PRESSUPOST<\/strong>: 3.222.656,38 \u20ac<\/p>\n<p><strong>DESCRIPCI\u00d3<\/strong>: Treballs relatius a la conservaci\u00f3 i manteniment de la xarxa de carreteres titularitat del Consell de Mallorca. Aix\u00f2 inclou treballs de neteja de la cal\u00e7ada, neteja i esbrossada de cunetes i laterals de carreteres, reparaci\u00f3 i renovaci\u00f3 d'elements de senyalitzaci\u00f3 vertical i abalisament, reparacions de paviments, millores puntuals d'elements de drenatge, paviments, tra\u00e7ats, elements de contenci\u00f3, etc.<\/p>\n<p>[\/et_pb_slide][et_pb_slide heading=\u00bbLimpieza viaria y mantenimiento de zonas verdes y arbolado viario del municipio de Son Servera\u00bb image=\u00bbhttps:\/\/dev.coexa.es\/wp-content\/uploads\/2025\/06\/NETEJA-VIARIA-I-MANTENIMENT-DE-ZONES-VERDES-I-ARBRAT-VIARI-DEL-MUNICIPI-DE-SON-SERVERA.webp\u00bb _builder_version=\u00bb4.27.4&#8243; _module_preset=\u00bbdefault\u00bb header_font=\u00bb|||on|||||\u00bb header_text_color=\u00bbgcid-secondary-color\u00bb header_font_size=\u00bb30px\u00bb body_text_align=\u00bbjustify\u00bb body_text_color=\u00bbgcid-secondary-color\u00bb background_color=\u00bbRGBA(255,255,255,0)\u00bb background_enable_color=\u00bbon\u00bb text_orientation=\u00bbjustified\u00bb global_colors_info=\u00bb{%22gcid-secondary-color%22:%91%22header_text_color%22,%22body_text_color%22%93}\u00bb sticky_transition=\u00bbon\u00bb]<\/p>\n<p><strong>CLIENT<\/strong>: Ajuntament de Son Servera<\/p>\n<p><strong>UBICACI\u00d3<\/strong>: Terme municipal de Son Servera, Mallorca<\/p>\n<p><strong>PRESSUPOST<\/strong>: 7.897.147,20 \u20ac<\/p>\n<p><strong>DESCRIPCI\u00d3<\/strong>: Treballs relatius a la neteja vi\u00e0ria de tots els nuclis poblacionals del municipi de Son Servera, incloent treballs de neteja mec\u00e0nica, neteja manual, baldeig, buidatge de papereres. Tamb\u00e9 inclou el manteniment de les zones verdes de tots els nuclis populacionals de la zona costanera del municipi, aix\u00ed com de les \u00e0rees de jocs infantils i mobiliari urb\u00e0.<\/p>\n<p>[\/et_pb_slide][et_pb_slide heading=\u00bbReparaci\u00f3n y mejora de las rutas ciclotur\u00edsticas en Algaida &#8211; Sencelles &#8211; Pina y Porreres\u00bb image=\u00bbhttps:\/\/dev.coexa.es\/wp-content\/uploads\/2025\/06\/REPARACIO-I-MILLORA-DE-LES-RUTES-CICLOTURISTIQUES-A-ALGAIDA-SENCELLES-PINA-I-PORRERES.webp\u00bb _builder_version=\u00bb4.27.4&#8243; _module_preset=\u00bbdefault\u00bb header_font=\u00bb|||on|||||\u00bb header_text_color=\u00bbgcid-secondary-color\u00bb header_font_size=\u00bb30px\u00bb body_text_align=\u00bbjustify\u00bb body_text_color=\u00bbgcid-secondary-color\u00bb background_color=\u00bbRGBA(255,255,255,0)\u00bb background_enable_color=\u00bbon\u00bb text_orientation=\u00bbjustified\u00bb global_colors_info=\u00bb{%22gcid-secondary-color%22:%91%22header_text_color%22,%22body_text_color%22%93}\u00bb sticky_transition=\u00bbon\u00bb]<\/p>\n<p><strong>CLIENT<\/strong>: INESTUR<\/p>\n<p><strong>UBICACI\u00d3<\/strong>: Municipis d'Algaida i Porreres, Mallorca<\/p>\n<p><strong>PRESSUPOST<\/strong>: 40.000,00 \u20ac<\/p>\n<p><strong>DESCRIPCI\u00d3<\/strong>: Treballs relatius a la conservaci\u00f3 i manteniment de la xarxa de rutes ciclotur\u00edstiques existents. Aix\u00f2 inclou, principalment, el manteniment i la conservaci\u00f3 dels diferents elements de senyalitzaci\u00f3, tant vertical com horitzontal, i abalisament existents en aquestes rutes.<\/p>\n<p>[\/et_pb_slide][\/et_pb_fullwidth_slider][\/et_pb_section][et_pb_section fb_built=\u00bb1&#8243; _builder_version=\u00bb4.27.4&#8243; _module_preset=\u00bbdefault\u00bb custom_padding=\u00bb0px||0px|||\u00bb locked=\u00bboff\u00bb global_colors_info=\u00bb{}\u00bb][et_pb_row _builder_version=\u00bb4.27.4&#8243; _module_preset=\u00bbdefault\u00bb global_colors_info=\u00bb{}\u00bb][et_pb_column type=\u00bb4_4&#8243; _builder_version=\u00bb4.27.4&#8243; _module_preset=\u00bbdefault\u00bb global_colors_info=\u00bb{}\u00bb][et_pb_divider _builder_version=\u00bb4.27.4&#8243; _module_preset=\u00bbdefault\u00bb global_colors_info=\u00bb{}\u00bb][\/et_pb_divider][et_pb_cta title=\u00bb\u00bfTIENES UN PROYECTO EN MENTE?\u00bb button_url=\u00bb\/solicitud-presupuesto\/\u00bb button_text=\u00bbSOLICITA TU PRESUPUESTO\u00bb _builder_version=\u00bb4.27.4&#8243; _module_preset=\u00bbdefault\u00bb header_font=\u00bb|700|||||||\u00bb header_text_color=\u00bbgcid-secondary-color\u00bb background_color=\u00bbRGBA(255,255,255,0)\u00bb custom_button=\u00bbon\u00bb button_text_color=\u00bbgcid-secondary-color\u00bb button_bg_color=\u00bbgcid-primary-color\u00bb button_border_width=\u00bb0px\u00bb button_border_color=\u00bbRGBA(255,255,255,0)\u00bb button_alignment=\u00bbcenter\u00bb button_alignment_tablet=\u00bbcenter\u00bb button_alignment_phone=\u00bbcenter\u00bb button_alignment_last_edited=\u00bbon|desktop\u00bb global_colors_info=\u00bb{%22gcid-secondary-color%22:%91%22header_text_color%22,%22button_text_color%22%93,%22gcid-primary-color%22:%91%22button_bg_color%22%93}\u00bb][\/et_pb_cta][\/et_pb_column][\/et_pb_row][\/et_pb_section]<\/p>","protected":false},"excerpt":{"rendered":"<p>COEXA S.A., desde su creaci\u00f3n, ha desarrollado su principal actividad comercial en el sector de la construcci\u00f3n, y m\u00e1s concretamente en la construcci\u00f3n de obra civil, sin dejar de lado el sector de la edificaci\u00f3n, contando con las distintas administraciones p\u00fablicas como principales clientes, habiendo realizado una gran cantidad y variedad de obras durante estos [&hellip;]<\/p>","protected":false},"author":1,"featured_media":0,"parent":0,"menu_order":0,"comment_status":"closed","ping_status":"closed","template":"","meta":{"_et_pb_use_builder":"on","_et_pb_old_content":"","_et_gb_content_width":"","footnotes":""},"class_list":["post-332","page","type-page","status-publish","hentry"],"_links":{"self":[{"href":"https:\/\/coexa.es\/ca\/wp-json\/wp\/v2\/pages\/332","targetHints":{"allow":["GET"]}}],"collection":[{"href":"https:\/\/coexa.es\/ca\/wp-json\/wp\/v2\/pages"}],"about":[{"href":"https:\/\/coexa.es\/ca\/wp-json\/wp\/v2\/types\/page"}],"author":[{"embeddable":true,"href":"https:\/\/coexa.es\/ca\/wp-json\/wp\/v2\/users\/1"}],"replies":[{"embeddable":true,"href":"https:\/\/coexa.es\/ca\/wp-json\/wp\/v2\/comments?post=332"}],"version-history":[{"count":15,"href":"https:\/\/coexa.es\/ca\/wp-json\/wp\/v2\/pages\/332\/revisions"}],"predecessor-version":[{"id":490,"href":"https:\/\/coexa.es\/ca\/wp-json\/wp\/v2\/pages\/332\/revisions\/490"}],"wp:attachment":[{"href":"https:\/\/coexa.es\/ca\/wp-json\/wp\/v2\/media?parent=332"}],"curies":[{"name":"wp","href":"https:\/\/api.w.org\/{rel}","templated":true}]}}